{"id":919,"date":"2021-08-02T18:56:59","date_gmt":"2021-08-02T18:56:59","guid":{"rendered":"https:\/\/www.simultan.org\/?post_type=festival&#038;p=919"},"modified":"2025-04-16T07:26:35","modified_gmt":"2025-04-16T07:26:35","slug":"simultan-2020","status":"publish","type":"festival","link":"https:\/\/www.simultan.org\/ro\/festival\/simultan-2020\/","title":{"rendered":"SIMULTAN 2020"},"content":{"rendered":"\n<p><strong>SIMULTAN FESTIVAL ed. XV<br><em>UNSEEN<\/em><\/strong><br><br>17 Sept \u2014 2 Oct 2020 \/ Comenduirea Garnizoanei Timi\u0219oara<br><br>PAGINA EDI\u021aIEI<br><br><\/p>\n\n\n\n<figure class=\"wp-block-image size-large\"><img loading=\"lazy\" decoding=\"async\" width=\"1024\" height=\"691\" src=\"https:\/\/www.simultan.org\/wp-content\/uploads\/2023\/02\/jurnal-de-virus-1024x691.jpg\" alt=\"\" class=\"wp-image-2700\" srcset=\"https:\/\/www.simultan.org\/wp-content\/uploads\/2023\/02\/jurnal-de-virus-1024x691.jpg 1024w, https:\/\/www.simultan.org\/wp-content\/uploads\/2023\/02\/jurnal-de-virus-300x202.jpg 300w, https:\/\/www.simultan.org\/wp-content\/uploads\/2023\/02\/jurnal-de-virus-768x518.jpg 768w, https:\/\/www.simultan.org\/wp-content\/uploads\/2023\/02\/jurnal-de-virus-338x228.jpg 338w, https:\/\/www.simultan.org\/wp-content\/uploads\/2023\/02\/jurnal-de-virus.jpg 1466w\" sizes=\"auto, (max-width: 1024px) 100vw, 1024px\" \/><\/figure>\n\n\n\n<p><br>SIMULTAN Festival XV \u0219i-a propus s\u0103 reflecteze asupra sensului \u0219i poten\u021bialul artei \u00een contextul pandemiei globale.<\/p>\n\n\n\n<p>Intitulat\u0103 \u201eUNSEEN\u201d, edi\u021bia din 2020 a urm\u0103rit s\u0103 puncteze modul \u00een care arti\u0219tii r\u0103spund provoc\u0103rilor majore ale zilelor noastre, aflate sub semnul incertitudinii care se infiltreaz\u0103 \u00een spectrul percep\u021biei \u0219i al memoriei colective.<\/p>\n\n\n\n<p>Lumea noastr\u0103 actual\u0103 este multifa\u021betat\u0103, ad\u0103ug\u00e2nd mereu semnifica\u021bii \u0219i dimensiuni, schimb\u00e2nd mereu grani\u021bele, termenii \u0219i condi\u021biile de convie\u021buire, reverber\u00e2nd \u0219i evolu\u00e2nd prin sisteme complexe de comunicare \u00een timp. Teoriile viitorului \u00eencearc\u0103 s\u0103 ofere explica\u021bii \u0219i descrieri sinoptice a st\u0103rii de fapt \u0219i ale tendin\u021belor fundamentale. Abund\u0103 \u00een teorii \u2013 fiecare \u00eencerc\u00e2nd s\u0103 capitalizeze c\u00e2t mai mul\u021bi adep\u021bi, resurse \u0219i putere, \u00eentr-o stare de amplificare \u0219i dezvoltare reciproc\u0103, at\u00e2t \u00een \u200b\u200bcontradic\u021bii, c\u00e2t \u0219i \u00een colabor\u0103ri. R\u0103spunsuri multiple la pove\u0219ti complexe, opinii caleidoscopice, tutoriale pentru ziua de m\u00e2ine, mi\u0219c\u0103rile sociale, ca expresii ale diferitelor paradigme, se vor ciocni \u00een acest proces competitiv, deseori violent, dar \u0219i creativ \u00een c\u0103utare de reconciliere. Unde ne afl\u0103m, ce ne rezerv\u0103 viitorul \u0219i spre ce ne \u00eendrept\u0103m \u00een acest r\u0103zboi nev\u0103zut?<\/p>\n\n\n\n<p><\/p>\n\n\n\n<hr class=\"wp-block-separator has-alpha-channel-opacity\"\/>\n\n\n\n<p><strong>PARTICIPAN\u021aI<\/strong><\/p>\n\n\n\n<p>\u2013 <strong>LIVE<\/strong><br>Rozi M\u00e1k\u00f3 \/ Fausto Mercier \/ Thy Veils \/ serotom-scotom \/Psihodrom \/ Sillyconductor \/ Makunouchi Bento \/ Simina Oprescu \/ Diana Miron + Lauren\u021biu Co\u021bac + Sian Brie \/ Iancu Dumitrescu \/ Peter Kutin \/ Usvrper Rising \/ ASMR \/ Mr. H (dj set)<\/p>\n\n\n\n<p>\u2013 <strong>VIDEO <\/strong><br>Darko Aleksovski \/ Valeria Barbas \/ Jason Bernagozzi \/ Pamela Breda \/ Sarah Buckius \/ Methas Chantawongs \/ Clara de C\u00e1pua \/ Michael Dietrich \/ Celia Eid &amp; S\u00e9bastien B\u00e9ranger \/ Iulia Enkelana \/ Marina Feldhues \/ Milad Forouzandeh \/ Duda Gambogi \/ Ileana Gherghina \/ Ian Haig \/ Alex Halka \/ Constantin Hartenstein \/ Alexander Isaenko \/ AUJIK \/ Markus Keim &amp; Beate Hecher \/ Abel Korinsky &amp; Petya Stoykova \/ Vilmos Koter \/ Kamila Kuc \/ Vishal Kumaraswamy \/ Arnaud Laffond \/ Cezar L\u0103z\u0103rescu \/ Fu Le \/ Florencia Levy \/ Laura Luna Castillo \/ Cio\u0142kowska Marta \/ Ruxandra Mitache &amp; Andrei Mitache \/ Niladri Mukherjee \/ Smaragda Nitsopoulou \/ Marie Ouazzani &amp; Nicolas Carrier \/ Sliaupa Paulius &amp; Elia Claessen \/ M\u042b\u041a &#8211; Polina Kardymon &amp; Vladimir Bocharov \/ Janaina Politi Wagner \/ Laurian Popa \/ Nuno S\u00e1 Pessoa &amp; Jose Cruzio \/ Alexandre Silveira &amp; Ticiano Monteiro \/ Elena Solis &amp; Daniela Solis \/ Calum Stamper \/ Eszter Szab\u00f3 \/ Kent Tate \/ Anamaria Tatu \/ Kosta Tonev \/ Isabel Val &amp; Josep Guti\u00e9rrez &amp; Anna Hierro \/ Roland Wegerer<br><br><strong>\u2013 INSTALA\u021aII<\/strong><br>Ioana Vreme Moser &amp; Dan Perjovschi (Virus Diary &#8211; Sound Drawings) \/ Apparatus22 (V series, The Howls Are Not What They Seem, Urgent message from The Department of Art Investments) \/ Andreea Anghel (Deep dream composites) \/ Irina Bujor (Shield no. 11) \/ Sillyconductor (Fixlent)<\/p>\n\n\n\n<p><strong>\u2013<\/strong> <strong>TALKS<\/strong><br>UNEARTHING +\/- \u201889, discu\u021bie panel Mimo Obradov, Emanuel Copilas, Mihai-Lauren\u0163iu Fuiorea, Andra Chitimu\u015f \u0219i Octav Avramescu \/<br>Iancu Dumitrescu \u00een dialog cu Octav Avramescu<\/p>\n\n\n\n<p>\u2013 <strong>CONEX<\/strong><br>Utopian Cities, Programmed Societies \/ CO-Laboratory 1.0&nbsp;<\/p>\n\n\n\n<p><br><br><\/p>\n\n\n\nngg_shortcode_0_placeholder\n\n\n\n<p class=\"has-text-align-center has-small-font-size\">Fotografii de Petru Cojocaru, Alex Boca, Daliana Iacobescu<br><\/p>\n\n\n\n<hr class=\"wp-block-separator has-alpha-channel-opacity\"\/>\n\n\n\n<p><br>Co-finantat de AFCN \u2013 Administra\u021bia Fondului Cultural Na\u021bional, Prim\u0103ria \u0219i Consiliul Municipiului Timi\u0219oara, Consiliul Jude\u021bean Timi\u0219.<br>Parteneri: Timisoara 2023, Directia Judeteana Pentru Cultur\u0103 Timi\u0219, Goethe Institut, Centrul Cultural German Timisoara, Shape Platform, Uh Fest, 2580 Association, Indecis &#8211; artists run, Reziden\u021ba21<br><br><br><br><br><br><br><\/p>\n\n\n\n<p><\/p>\n\n\n\n<p><\/p>\n","protected":false},"excerpt":{"rendered":"<p>SIMULTAN FESTIVAL XV.<br \/>\n<i>UNSEEN<\/i><\/p>\n<p>27 Sept \u2013 3 Oct 2020 \/ Timi\u0219oara RO<\/p>\n<p><\/p>\n","protected":false},"featured_media":3089,"menu_order":4,"template":"","meta":{"ngg_post_thumbnail":0},"class_list":["post-919","festival","type-festival","status-publish","has-post-thumbnail","hentry"],"_links":{"self":[{"href":"https:\/\/www.simultan.org\/ro\/wp-json\/wp\/v2\/festival\/919","targetHints":{"allow":["GET"]}}],"collection":[{"href":"https:\/\/www.simultan.org\/ro\/wp-json\/wp\/v2\/festival"}],"about":[{"href":"https:\/\/www.simultan.org\/ro\/wp-json\/wp\/v2\/types\/festival"}],"wp:featuredmedia":[{"embeddable":true,"href":"https:\/\/www.simultan.org\/ro\/wp-json\/wp\/v2\/media\/3089"}],"wp:attachment":[{"href":"https:\/\/www.simultan.org\/ro\/wp-json\/wp\/v2\/media?parent=919"}],"curies":[{"name":"wp","href":"https:\/\/api.w.org\/{rel}","templated":true}]}}